{"id":10219,"date":"2024-04-17T09:23:58","date_gmt":"2024-04-17T09:23:58","guid":{"rendered":"https:\/\/bozita.com\/se\/?page_id=10219"},"modified":"2025-06-30T12:49:21","modified_gmt":"2025-06-30T12:49:21","slug":"skog-och-pollinatorer","status":"publish","type":"page","link":"https:\/\/bozita.com\/se\/var-filosofi\/skog-och-pollinatorer\/","title":{"rendered":"Skog och pollinat\u00f6rer"},"content":{"rendered":"<section class=\"small-hero-with-gradient-overlay version-1\">\n\t\t\t\t\t\t<video id=\"my-player\" class=\"video-js vjs-default-skin vjs-1-1\" muted loop playsinline autoplay preload=\"auto\" data-setup='{}'>\n\t\t\t\t\t<source src=\"https:\/\/bozita.com\/se\/wp-content\/uploads\/sites\/5\/2024\/06\/Skog-Pollinatoorer-Project-site-banner_low-res.mp4\" type=\"video\/mp4\">\n\t\t\t\t\t<\/source>\n\t\t\t\t<\/video>\n\t\t\t\t\t\n\t\t<div class=\"overlay\">\n\t\t\t<div class=\"container\">\n\t\t\t\t<div class=\"row\">\n\t\t\t\t<div class=\"col-md-6 col-lg-4 text-left\">\n\t\t\t\t\t\t\t\t\t\t\t\t\t<img decoding=\"async\" class=\"image\" src=\"https:\/\/bozita.com\/se\/wp-content\/uploads\/sites\/5\/2023\/01\/Our-Philosophy-Compass_Complete.svg\" alt=\"\">\n\t\t\t\t\t\t\t\t\t\t\t\t<\/div>\n\t\t\t\t\t<div class=\"col-md-6 col-lg-8\">\n\t\t\t\t\t\t<h1>Skog och pollinat\u00f6rer<\/h1><p><h3><strong>V\u00e5rt milj\u00f6projekt f\u00f6r en levande natur<\/strong><\/h3>\n<p>V\u00e5r filosofi \u00e4r att Bozita ska vara lika bra f\u00f6r djuren som f\u00f6r v\u00e5r omv\u00e4rld. Ett s\u00e4tt att g\u00f6ra skillnad \u00e4r v\u00e5rt milj\u00f6projekt \u201dSkog och pollinat\u00f6rer\u201d. Det h\u00e4r arbetet driver vi tillsammans med v\u00e5ra andra varum\u00e4rken Doggy och Mjau under Partner in Pet Food Nordics AB.<\/p>\n<\/p>\t\t\t\t\t<\/div>               \n\t\t\t\t<\/div>\n\t\t\t<\/div>\n\t\t<\/div>\n\t<\/section>\n\t\t\n\n\t<div class=\"text-box-warp\">\n\t\t<div class=\"container\">\n\t\t\t<div class=\"text-content\">\n\t\t\t\t<p>Partner in Pet Food Nordics AB \u00e4r Sveriges st\u00f6rsta tillverkare av hund- och kattmat, och den som \u00e4r v\u00e4ldigt stor m\u00e5ste ocks\u00e5 vara v\u00e4ldigt sn\u00e4ll. F\u00f6r att v\u00e4rna om milj\u00f6n och aktivt ta ansvar f\u00f6r v\u00e5r milj\u00f6p\u00e5verkan har vi investerat i flera konkreta aktiviteter kopplat till klimat och biologisk m\u00e5ngfald.<\/p>\n<p>Vill du veta mer om Bozitas filosofi? <a href=\"https:\/\/bozita.com\/se\/var-filosofi\/\">L\u00e4s mer om v\u00e5r kompass<\/a><\/p>\n\t\t\t<\/div>\n\t\t<\/div>\n\t<\/div>\n\n\n\n\t<section class=\"block two-column-image-with-textbox overflow-disable\">\n\t\t<div class=\"container\">\n\t\t\t\t\t\t\t\t<div class=\"mb-5 no-gutters row align-items-center \n\t\t\t\t\tflex-row-reverse\t\t\t\t\t\t\t\t\t\t\t\t\t\t\t\t\t\t\">\n\t\t\t\t\t\t<div class=\"col-md-6\">\n\t\t\t\t\t\t\t\t\t\t\t\t\t\t\t\t<figure>\n\t\t\t\t\t\t\t\t\t\t\t\t\t\t\t\t\t\t\t\t\t<img decoding=\"async\" class=\"clear-opacity\" src=\"https:\/\/bozita.com\/se\/wp-content\/uploads\/sites\/5\/2024\/04\/tabell-BOZITA-SWE.png\" alt=\"karta \u00f6ver v\u00e5rt milj\u00f6projekt\">\n\t\t\t\t\t\t\t\t\t\t\t\t\t\t\t\t\t\t\t\t\t\t\t\t\t\t\t\t\t<\/figure>\n\t\t\t\t\t\t\t\t\t\t\t\t\t\t\t<\/div>\n\t\t\t\t\t\t<div class=\"col-md-6\">\n\t\t\t\t\t\t\t<div class=\"content-wrap\">\n\t\t\t\t\t\t\t\t<p><h3>MADE IN SWEDEN \u2013 ETT MILJ\u00d6PROJEKT P\u00c5 HEMMAPLAN<\/h3>\n<p>Bozitas k\u00f6k ligger i svenska V\u00e5rg\u00e5rda och drivs i harmoni med naturen. F\u00f6r oss \u00e4r det sj\u00e4lvklart att alla insatser i projektet g\u00f6rs h\u00e4r p\u00e5 hemmaplan, i Sverige.<\/p>\n<p>N\u00e4rheten till projekten g\u00f6r \u00e4ven att vi och v\u00e5ra medarbetare praktiskt kan engagera oss i arbetet, och sj\u00e4lva f\u00f6lja hur insatserna ger en direkt positiv effekt p\u00e5 v\u00e5r lokala milj\u00f6.<\/p>\n<p>\u2022 <a href=\"https:\/\/earth.google.com\/web\/data=MkEKPwo9CiExTGxFTnhQNkNWOS1jWkVuMmtNUkpVVEZkQ2VDX25fVUMSFgoUMEM2OTE2RTVEOTMwNUMyN0UxREYgAQ\" target=\"_blank\" rel=\"noopener\">Se v\u00e5r projektplats i Tanum<\/a><br \/>\n\u2022 <a href=\"https:\/\/earth.google.com\/web\/@59.64494373,17.48366379,26.20955627a,1071.63203252d,30.0000085y,0h,0t,0r\/data=MikKJwolCiExUjMxVUZRVUNXdHhWcU1UbTVVQ2pzMnZGTVp0c2c4Y2QgAToDCgEw\" target=\"_blank\" rel=\"noopener\">Se v\u00e5r projektplats i B\u00e5lsta<\/a><\/p>\n <\/p>\t\t\t\t\t\t\t<\/div>\n\t\t\t\t\t\t<\/div>\n\t\t\t\t\t<\/div>\n\t\t\t\t\t\t\t<\/div>\n\t<\/section>\n\n\n\t<div class=\"text-box-warp\">\n\t\t<div class=\"container\">\n\t\t\t<div class=\"text-content\">\n\t\t\t\t<h2>Vi bevarar skog och planterar tr\u00e4d. F\u00f6r milj\u00f6n och f\u00f6r framtida skogspromenader!<\/h2>\n<p>Som en del av projektet engagerar vi oss i den svenska skogen. Vi planterar 6000 tr\u00e4d p\u00e5 svensk mark, samtidigt som vi s\u00e4kerst\u00e4ller att inhemska skogsomr\u00e5den bevaras och sk\u00f6ts p\u00e5 ett h\u00e5llbart s\u00e4tt. Insatsen binder totalt cirka 600 ton CO2e.<\/p>\n<h5>Varf\u00f6r g\u00f6r vi detta?<\/h5>\n<p>Vi p\u00e5 Bozita \u00e4lskar den svenska skogen. Det \u00e4r inte bara en fantastisk plats f\u00f6r dig, din hund och katt, utan ocks\u00e5 en viktig s\u00e4nka f\u00f6r v\u00e4xthusgaser. Tr\u00e4den tar upp koldioxid n\u00e4r de v\u00e4xer. Och ju mer de v\u00e4xer, desto mer koldioxid tar de upp. Plantering av fler tr\u00e4d och bevarandet av skog kan allts\u00e5 bidra till att motverka klimatf\u00f6r\u00e4ndringen genom att binda koldioxid. Svensk skog \u00e4r dessutom hem till en stor variation av v\u00e4xter och djur, och plantering av tr\u00e4d kan bidra till att skapa nya livsmilj\u00f6er f\u00f6r hotade arter och \u00f6ka den biologiska m\u00e5ngfalden.<\/p>\n<h2>Naturen spirar i Tanum och B\u00e5lsta \ud83c\udf3f\ud83d\udc1d<\/h2>\n<p>I fjol tog vi f\u00f6rsta spadtaget i v\u00e5rt milj\u00f6projekt \u2013 ett initiativ f\u00f6r att binda koldioxid och st\u00e4rka den biologiska m\u00e5ngfalden. Nu har vi varit tillbaka i B\u00e5lsta och Tanum f\u00f6r att se hur det spirar, kryper och kvittrar.<\/p>\n<p>I B\u00e5lsta st\u00e5r r\u00f6nnarna stadigt och ekarna k\u00e4mpar p\u00e5, sm\u00e5 men envisa. N\u00e5gra av s\u00e4lgarna har inte klarat sig, men nya s\u00e4lgar och dessutom n\u00e5gra ekar kommer att planteras under h\u00f6sten.<\/p>\n<p>F\u00f6r andra \u00e5ret i rad h\u00f6rs rapph\u00f6nsens kvitter \u00f6ver omr\u00e5det \u2013 ett tecken p\u00e5 att livet frodas och den biologiska m\u00e5ngfalden v\u00e4xer. \u00a0I sandb\u00e4ddarna syns nu flera insektsbon, och halmbalarna b\u00f6rjar bli inflyttningsklara f\u00f6r v\u00e5ra sm\u00e5 v\u00e4nner. Runt bi\u00e5kerblandningen p\u00e5 blomster\u00e4ngen syns fj\u00e4rilar, bin och humlor surra runt. I Tanum v\u00e4xer bj\u00f6rkar, r\u00f6nnar och s\u00e4lgar som de ska. I takt med att de v\u00e4xer binder tr\u00e4den koldioxid och gynnar den biologiska m\u00e5ngfalden. Dessutom \u00e4r planteringen en del av EU:s m\u00e5l att plantera 3 miljarder nya tr\u00e4d till 2030.<\/p>\n<p>Det h\u00e4r \u00e4r ett l\u00e5ngsiktigt projekt, och vi \u00e4r bara i b\u00f6rjan. Med tiden hoppas vi se \u00e4nnu fler positiva effekter \u2013 b\u00e5de ovan och under jord. Vi ser fram emot att f\u00f6lja utvecklingen kommande \u00e5r, i takt med att naturen forts\u00e4tter gr\u00f6nska.<\/p>\n\t\t\t<\/div>\n\t\t<\/div>\n\t<\/div>\n\n\n<section class=\"block full-section-promo\">\n\t<div class=\"container\">\n\t\t<div class=\"mb-3 row align-items-center \n\t\t\t\t\">\n\t\t\t<div class=\"col-md-6\">\n\t\t\t\t\t\t\t\t\t<img decoding=\"async\" src=\"https:\/\/bozita.com\/se\/wp-content\/uploads\/sites\/5\/2025\/06\/Tradplantering-2024-scaled.jpg\" alt=\"\">\n\t\t\t\t\t\n\t\t\t<\/div>\n\t\t\t<div class=\"col-md-6\">\n\t\t\t\t<h2>S\u00e5 h\u00e4r s\u00e5g det ut 2024 n\u00e4r vi startade projektet&#8230; <\/h2>\t\t\t<\/div>\n\t\t<\/div>\n\n\n\t<\/div>\n<\/section>\n\n\n<section class=\"block full-section-promo\">\n\t<div class=\"container\">\n\t\t<div class=\"mb-3 row align-items-center \n\t\tflex-row-reverse\t\t\">\n\t\t\t<div class=\"col-md-6\">\n\t\t\t\t\t\t\t\t\t<img decoding=\"async\" src=\"https:\/\/bozita.com\/se\/wp-content\/uploads\/sites\/5\/2025\/06\/Tradplantering-2025.png\" alt=\"\">\n\t\t\t\t\t\n\t\t\t<\/div>\n\t\t\t<div class=\"col-md-6\">\n\t\t\t\t<h2>Och s\u00e5 h\u00e4r ser det ut 2025! <\/h2><p>Vi hoppas att du vill forts\u00e4tta att f\u00f6lja v\u00e5rt milj\u00f6projekt \u201dSkog och pollinat\u00f6rer\u201d, f\u00f6r att se utvecklingen. <\/p>\t\t\t<\/div>\n\t\t<\/div>\n\n\n\t<\/div>\n<\/section>\n\n\n\n\t<section class=\"block two-column-image-with-textbox overflow-disable\">\n\t\t<div class=\"container\">\n\t\t\t\t\t\t\t\t<div class=\"mb-5 no-gutters row align-items-center \n\t\t\t\t\tflex-row-reverse\t\t\t\t\t\t\t\t\t\t\t\t\t\t\t\t\t\t\">\n\t\t\t\t\t\t<div class=\"col-md-6\">\n\t\t\t\t\t\t\t\t\t\t\t\t\t\t\t\t<figure>\n\t\t\t\t\t\t\t\t\t\t\t\t\t\t\t\t\t\t\t\t\t<img decoding=\"async\" class=\"clear-opacity\" src=\"https:\/\/bozita.com\/se\/wp-content\/uploads\/sites\/5\/2024\/05\/2405-tanum-skogsplantering-back-1080x1350-1.jpg\" alt=\"Kollegor planterar tr\u00e4d i Tanum\">\n\t\t\t\t\t\t\t\t\t\t\t\t\t\t\t\t\t\t\t\t\t\t\t\t\t\t\t\t\t<\/figure>\n\t\t\t\t\t\t\t\t\t\t\t\t\t\t\t<\/div>\n\t\t\t\t\t\t<div class=\"col-md-6\">\n\t\t\t\t\t\t\t<div class=\"content-wrap\">\n\t\t\t\t\t\t\t\t<p><h3>VISSTE DU ATT&#8230;?<\/h3>\n<ul>\n<li>Tr\u00e4den binder koldioxid n\u00e4r de v\u00e4xer. Exakt hur mycket beror typ av tr\u00e4d och var i landet det v\u00e4xer. En tumregel brukar vara att en fullvuxen gran som har n\u00e5tt 80 \u00e5rs \u00e5lder har bundit 1,6 ton koldioxid. En genomsnittlig julgran har bundit cirka 10 kg koldioxid.<\/li>\n<li>Olika sorters tr\u00e4d \u00e4r bra f\u00f6r skogen. Blandskogar med b\u00e5de barr- och l\u00f6vtr\u00e4d \u00e4r till exempel mer motst\u00e5ndskraftiga mot insektsangrepp och extremv\u00e4der som stormov\u00e4der och skogsbr\u00e4nder. Dessutom \u00e4r det en trevligare skog f\u00f6r oss djur\u00e4gare att vistas i tillsammans med v\u00e5ra hundar och katter.<\/li>\n<li>Ju mer biologisk m\u00e5ngfald, desto b\u00e4ttre hj\u00e4rngympa! En skogspromenad i ett omr\u00e5de med en stor variation av olika v\u00e4xt- och djurarter ger mer mental stimulans f\u00f6r b\u00e5de dig och din hund eller katt.<\/li>\n<\/ul>\n <\/p>\t\t\t\t\t\t\t<\/div>\n\t\t\t\t\t\t<\/div>\n\t\t\t\t\t<\/div>\n\t\t\t\t\t\t\t<\/div>\n\t<\/section>\n\n\n\t<div class=\"text-box-warp\">\n\t\t<div class=\"container\">\n\t\t\t<div class=\"text-content\">\n\t\t\t\t<h2>Vi skapar en oas f\u00f6r bin och vilda pollinat\u00f6rer<\/h2>\n<p>Respekt f\u00f6r djur \u00e4r en viktig del av Bozitas kompass. Och det g\u00e4ller alla djur, \u00e4ven de allra minsta. Nu genomf\u00f6r vi flera konkreta insatser f\u00f6r att bevara den biologiska m\u00e5ngfalden. Fokus ligger p\u00e5 att skapa en gynnsam milj\u00f6 f\u00f6r bin och andra pollinerande insekter. P\u00e5 projektplatsen i B\u00e5lsta kommer vi bland annat att plantera utvalda arter av tr\u00e4d och buskar, s\u00e5 fr\u00f6blandningar som ger pollen och nektar, och placera ut halmbalar och sandb\u00e4ddar d\u00e4r bin och andra insekter kan bygga bon.<\/p>\n<p>\u00c5tg\u00e4rderna \u00e4r baserade p\u00e5 Naturv\u00e5rdsverkets, Jordbruksverkets och L\u00e4nsstyrelsens rekommendationer och resultatet f\u00f6ljs upp under en tio\u00e5rsperiod.<\/p>\n<h4>F\u00f6r att fr\u00e4mja biologisk m\u00e5ngfald kommer vi bland annat att:<\/h4>\n<ul>\n<li>Plantera utvalda sorter av tr\u00e4d och buskar, s\u00e5 som ek, s\u00e4lg, r\u00f6nn, oxel och hagtorn, skogsolvon och bj\u00f6rnb\u00e4r \u2013 arter med h\u00f6ga v\u00e4rden f\u00f6r biologisk m\u00e5ngfald.<\/li>\n<li>S\u00e5 vilda blomster\u00e4ngar som ger pollen och nektar. F\u00f6r att locka till sig m\u00e5nga olika sorters pollinat\u00f6rer beh\u00f6vs en stor variation av blommor, och g\u00e4rna olika sorter s\u00e5 att n\u00e5got blommar under hela s\u00e4songen. Vi anv\u00e4nder Malmg\u00e5rd Viltfr\u00f6s fr\u00f6blandningar med arter som blommar fr\u00e5n juni till september.<\/li>\n<li>Placera ut tv\u00e5 halmbalar d\u00e4r bin och andra insekter kan bygga bon.<\/li>\n<li>Anl\u00e4gga tv\u00e5 sandb\u00e4ddar \u00e1 10 ton sand d\u00e4r bin och andra insekter kan bygga bon.<\/li>\n<li>Skapa tv\u00e5 faunadep\u00e5er med en blandning av tr\u00e4dstammar, grenar och ris \u2013 d\u00f6d ved som \u00e4r livsviktig som mat och bostad f\u00f6r m\u00e5nga djur, svampar och v\u00e4xter.<\/li>\n<li>Exponera bergh\u00e4llar f\u00f6r att skapa varma ytor d\u00e4r bin trivs.<\/li>\n<li>Anl\u00e4gga en traditionell sl\u00e5tter\u00e4ng.<\/li>\n<li>Anl\u00e4gga en miniv\u00e5tmark.<\/li>\n<li>Anl\u00e4gga en skalbaggs\u00e5s.<\/li>\n<\/ul>\n<h4>Varf\u00f6r g\u00f6r vi detta?<\/h4>\n<p>Bin och andra vilda pollinat\u00f6rer bidrar till ett fungerande ekosystem och v\u00e5r livsmedelsf\u00f6rs\u00f6rjning. Uppemot 75 procent av alla gr\u00f6dor \u00e4r helt eller delvis beroende av insektspollinering. Men situationen f\u00f6r vilda pollinerare \u00e4r akut, och h\u00e4r i Sverige \u00e4r en tredjedel av v\u00e5ra biarter hotade. Som landets st\u00f6rsta djurfodersproducent kan vi d\u00e4rf\u00f6r inte bara fokusera p\u00e5 att s\u00e4nka v\u00e5ra utsl\u00e4pp och reducera v\u00e5rt klimatavtryck \u2013 vi m\u00e5ste ocks\u00e5 ta ansvar f\u00f6r att fr\u00e4mja vilda pollinat\u00f6rer och bevara den biologisk m\u00e5ngfalden.<\/p>\n\t\t\t<\/div>\n\t\t<\/div>\n\t<\/div>\n\n\n\n\t<section class=\"block two-column-image-with-textbox overflow-disable\">\n\t\t<div class=\"container\">\n\t\t\t\t\t\t\t\t<div class=\"mb-5 no-gutters row align-items-center \n\t\t\t\t\t\t\t\t\t\t\t\t\t\t\t\t\t\t\t\t\t\t\t\">\n\t\t\t\t\t\t<div class=\"col-md-6\">\n\t\t\t\t\t\t\t\t\t\t\t\t\t\t\t\t<figure>\n\t\t\t\t\t\t\t\t\t\t\t\t\t\t\t\t\t\t\t\t\t<img decoding=\"async\" class=\"clear-opacity\" src=\"https:\/\/bozita.com\/se\/wp-content\/uploads\/sites\/5\/2024\/06\/DSC09877-kopia.jpg\" alt=\"\">\n\t\t\t\t\t\t\t\t\t\t\t\t\t\t\t\t\t\t\t\t\t\t\t\t\t\t\t\t\t<\/figure>\n\t\t\t\t\t\t\t\t\t\t\t\t\t\t\t<\/div>\n\t\t\t\t\t\t<div class=\"col-md-6\">\n\t\t\t\t\t\t\t<div class=\"content-wrap\">\n\t\t\t\t\t\t\t\t<p><h3>VISSTE DU ATT&#8230;?<\/h3>\n<ul>\n<li>Vilda pollinat\u00f6rer \u00e4r viktiga f\u00f6r v\u00e5r livsmedelsproduktion. Uppemot 75 procent av alla gr\u00f6dor \u00e4r helt eller delvis beroende av insektspollinering (!)<\/li>\n<li>M\u00e5nga sm\u00e5 superhj\u00e4ltar hj\u00e4lper till. Bland Sveriges pollinerande insekter g\u00f6r humlor och bin det mesta av jobbet, men \u00e4ven fj\u00e4rilar, blomflugor och vissa skalbaggar hj\u00e4lper till.<\/li>\n<li>Det finns cirka 270 biarter i Sverige. En del \u00e4r ganska kr\u00e4sna och m\u00e5nga har sina egna favoritblommor. Olika sorters kan t ex ha olika l\u00e5nga tungor och snablar, vilket g\u00f6r att vissa har l\u00e4ttare att bes\u00f6ka djupa och trattformade blommor medan andra f\u00f6redrar grunda och vida blomsorter.<\/li>\n<\/ul>\n <\/p>\t\t\t\t\t\t\t<\/div>\n\t\t\t\t\t\t<\/div>\n\t\t\t\t\t<\/div>\n\t\t\t\t\t\t\t<\/div>\n\t<\/section>\n\n\n<section class=\"block how-we-make-it-matters\">\n\t<div class=\"container\">\n\t\t<h5>\n\t\t\tBzz, bzz, bzz\t\t<\/h5>\n\t\t<h2> \n\t\t\tEtt projekt med flera positiva bieffekter\t\t<\/h2>\n\n\t\t\n\t\t<div class=\"d-md-none d-lg-block\">\n\t\t\t<div class=\"row\">\n\t\t\t\t<div class=\"col-md-6\">\n\t\t\t\t\t<div class=\"how_we_make_it_matters-img\">\n\t\t\t\t\t\t\t\t\t\t\t\t<img decoding=\"async\" src=\"https:\/\/bozita.com\/se\/wp-content\/uploads\/sites\/5\/2024\/03\/bozita-compass-600x598-1.png\" alt=\"Bozitas kompass som visar sin vision\">\n\t\t\t\t\t\t\t\t\t\t\t<\/div>\n\t\t\t\t<\/div>\n\t\t\t\t<div class=\"col-md-6\">\n\t\t\t\t\t\t\t\t\t\t\t\t<div class=\"media\">\n\t\t\t\t\t\t\t\t<div class=\"icon-warp\">\n\t\t\t\t\t\t\t\t\t\t\t\t\t\t\t\t\t\t\t<img decoding=\"async\" class=\"mr-3\" src=\"https:\/\/bozita.com\/se\/wp-content\/uploads\/sites\/5\/2023\/01\/FeatureIcon-Dark-RenewableEnergy.svg\" alt=\"\">\n\t\t\t\t\t\t\t\t\t\t\t\t\t\t\t\t\t<\/div>\n\t\t\t\t\t\t\t\t<div class=\"media-body\">\n\t\t\t\t\t\t\t\t\t<h6 class=\"mt-0\">\n\t\t\t\t\t\t\t\t\t\tKolbindning\t\t\t\t\t\t\t\t\t<\/h6>\n\t\t\t\t\t\t\t\t\t<p>\n\t\t\t\t\t\t\t\t\t\tTr\u00e4den absorberar koldioxid n\u00e4r de v\u00e4xer, vilket minskar den totala koldioxidhalten i atmosf\u00e4ren och reducerar den globala uppv\u00e4rmningen. \t\t\t\t\t\t\t\t\t<\/p>\n\t\t\t\t\t\t\t\t<\/div>\n\t\t\t\t\t\t\t<\/div>\n\t\t\t\t\t\t\t\t\t\t\t\t\t\t<div class=\"media\">\n\t\t\t\t\t\t\t\t<div class=\"icon-warp\">\n\t\t\t\t\t\t\t\t\t\t\t\t\t\t\t\t\t\t\t<img decoding=\"async\" class=\"mr-3\" src=\"https:\/\/bozita.com\/se\/wp-content\/uploads\/sites\/5\/2023\/01\/FeatureIcon-Dark-RenewableEnergy.svg\" alt=\"\">\n\t\t\t\t\t\t\t\t\t\t\t\t\t\t\t\t\t<\/div>\n\t\t\t\t\t\t\t\t<div class=\"media-body\">\n\t\t\t\t\t\t\t\t\t<h6 class=\"mt-0\">\n\t\t\t\t\t\t\t\t\t\tBiologisk m\u00e5ngfald\t\t\t\t\t\t\t\t\t<\/h6>\n\t\t\t\t\t\t\t\t\t<p>\n\t\t\t\t\t\t\t\t\t\t\u00c5tg\u00e4rderna bidrar till att bevara och f\u00f6rst\u00e4rka livsmilj\u00f6erna f\u00f6r bin och andra vilda pollinat\u00f6rer, vilket gynnar den biologiska m\u00e5ngfalden.\t\t\t\t\t\t\t\t\t<\/p>\n\t\t\t\t\t\t\t\t<\/div>\n\t\t\t\t\t\t\t<\/div>\n\t\t\t\t\t\t\t\t\t\t\t\t\t\t<div class=\"media\">\n\t\t\t\t\t\t\t\t<div class=\"icon-warp\">\n\t\t\t\t\t\t\t\t\t\t\t\t\t\t\t\t\t\t\t<img decoding=\"async\" class=\"mr-3\" src=\"https:\/\/bozita.com\/se\/wp-content\/uploads\/sites\/5\/2023\/01\/FeatureIcon-Dark-RenewableEnergy.svg\" alt=\"\">\n\t\t\t\t\t\t\t\t\t\t\t\t\t\t\t\t\t<\/div>\n\t\t\t\t\t\t\t\t<div class=\"media-body\">\n\t\t\t\t\t\t\t\t\t<h6 class=\"mt-0\">\n\t\t\t\t\t\t\t\t\t\tH\u00e4lsa och v\u00e4lbefinnande\t\t\t\t\t\t\t\t\t<\/h6>\n\t\t\t\t\t\t\t\t\t<p>\n\t\t\t\t\t\t\t\t\t\tEn rik natur har en positiv effekt p\u00e5 b\u00e5de v\u00e5r egen och v\u00e5ra djurs h\u00e4lsa och v\u00e4lbefinnande. \t\t\t\t\t\t\t\t\t<\/p>\n\t\t\t\t\t\t\t\t<\/div>\n\t\t\t\t\t\t\t<\/div>\n\t\t\t\t\t\t\t\t\t\t\t\t\t\t<div class=\"media\">\n\t\t\t\t\t\t\t\t<div class=\"icon-warp\">\n\t\t\t\t\t\t\t\t\t\t\t\t\t\t\t\t\t\t\t<img decoding=\"async\" class=\"mr-3\" src=\"https:\/\/bozita.com\/se\/wp-content\/uploads\/sites\/5\/2023\/01\/FeatureIcon-Dark-RenewableEnergy.svg\" alt=\"\">\n\t\t\t\t\t\t\t\t\t\t\t\t\t\t\t\t\t<\/div>\n\t\t\t\t\t\t\t\t<div class=\"media-body\">\n\t\t\t\t\t\t\t\t\t<h6 class=\"mt-0\">\n\t\t\t\t\t\t\t\t\t\tLokal p\u00e5verkan\t\t\t\t\t\t\t\t\t<\/h6>\n\t\t\t\t\t\t\t\t\t<p>\n\t\t\t\t\t\t\t\t\t\tGenom att fokusera p\u00e5 insatser i Sverige bidrar vi till att bevara och v\u00e5rda v\u00e5r inhemska natur. N\u00e4rheten till projekten ger oss dessutom \u00e4ven b\u00e4ttre insyn och transparens i arbetet, och vi f\u00e5r l\u00e4ttare att s\u00e4kerst\u00e4lla en direkt och m\u00e4tbar p\u00e5verkan p\u00e5 v\u00e5r lokala milj\u00f6. \t\t\t\t\t\t\t\t\t<\/p>\n\t\t\t\t\t\t\t\t<\/div>\n\t\t\t\t\t\t\t<\/div>\n\t\t\t\t\t\t\t\t\t\t\t\t\t\t<div class=\"media\">\n\t\t\t\t\t\t\t\t<div class=\"icon-warp\">\n\t\t\t\t\t\t\t\t\t\t\t\t\t\t\t\t\t\t\t<img decoding=\"async\" class=\"mr-3\" src=\"https:\/\/bozita.com\/se\/wp-content\/uploads\/sites\/5\/2023\/01\/FeatureIcon-Dark-RenewableEnergy.svg\" alt=\"\">\n\t\t\t\t\t\t\t\t\t\t\t\t\t\t\t\t\t<\/div>\n\t\t\t\t\t\t\t\t<div class=\"media-body\">\n\t\t\t\t\t\t\t\t\t<h6 class=\"mt-0\">\n\t\t\t\t\t\t\t\t\t\tGemenskap och engagemang\t\t\t\t\t\t\t\t\t<\/h6>\n\t\t\t\t\t\t\t\t\t<p>\n\t\t\t\t\t\t\t\t\t\tI projektet genomf\u00f6r vi flera event, som utbildar v\u00e5ra medarbetare i fr\u00e5gan och ger personalen m\u00f6jlighet att engagera sig i en meningsfull aktivitet som bidrar till samh\u00f6righet och gemenskap. \t\t\t\t\t\t\t\t\t<\/p>\n\t\t\t\t\t\t\t\t<\/div>\n\t\t\t\t\t\t\t<\/div>\n\t\t\t\t\t\t\t\t\t\t\t<\/div>\n\t\t\t<\/div>\n\t\t<\/div>\n\n\t\t<div class=\"d-none d-md-block d-lg-none\">\n\t\t\t<div class=\"row\">\n\t\t\t\t<div class=\"col-md-12 d-flex justify-content-center\">\n\t\t\t\t\t<div class=\"how_we_make_it_matters-img-md\">\n\t\t\t\t\t\t\t\t\t\t\t\t\t<img decoding=\"async\" src=\"https:\/\/bozita.com\/se\/wp-content\/uploads\/sites\/5\/2024\/03\/bozita-compass-600x598-1.png\" alt=\"Bozitas kompass som visar sin vision\">\n\t\t\t\t\t\t\t\t\t\t\t<\/div>\n\t\t\t\t<\/div>\n\t\t\t\t<div class=\"col-md-12\">\n\t\t\t\t\t\t\t\t\t\t\t\t<div class=\"media\">\n\t\t\t\t\t\t\t\t<div class=\"icon-warp\">\n\t\t\t\t\t\t\t\t\t\t\t\t\t\t\t\t\t\t\t<img decoding=\"async\" class=\"mr-3\" src=\"https:\/\/bozita.com\/se\/wp-content\/uploads\/sites\/5\/2023\/01\/FeatureIcon-Dark-RenewableEnergy.svg\" alt=\"\">\n\t\t\t\t\t\t\t\t\t\t\t\t\t\t\t\t\t<\/div>\n\t\t\t\t\t\t\t\t<div class=\"media-body\">\n\t\t\t\t\t\t\t\t\t<h6 class=\"mt-0\">\n\t\t\t\t\t\t\t\t\t\tKolbindning\t\t\t\t\t\t\t\t\t<\/h6>\n\t\t\t\t\t\t\t\t\t<p>\n\t\t\t\t\t\t\t\t\t\tTr\u00e4den absorberar koldioxid n\u00e4r de v\u00e4xer, vilket minskar den totala koldioxidhalten i atmosf\u00e4ren och reducerar den globala uppv\u00e4rmningen. \t\t\t\t\t\t\t\t\t<\/p>\n\t\t\t\t\t\t\t\t<\/div>\n\t\t\t\t\t\t\t<\/div>\n\t\t\t\t\t\t\t\t\t\t\t\t\t\t<div class=\"media\">\n\t\t\t\t\t\t\t\t<div class=\"icon-warp\">\n\t\t\t\t\t\t\t\t\t\t\t\t\t\t\t\t\t\t\t<img decoding=\"async\" class=\"mr-3\" src=\"https:\/\/bozita.com\/se\/wp-content\/uploads\/sites\/5\/2023\/01\/FeatureIcon-Dark-RenewableEnergy.svg\" alt=\"\">\n\t\t\t\t\t\t\t\t\t\t\t\t\t\t\t\t\t<\/div>\n\t\t\t\t\t\t\t\t<div class=\"media-body\">\n\t\t\t\t\t\t\t\t\t<h6 class=\"mt-0\">\n\t\t\t\t\t\t\t\t\t\tBiologisk m\u00e5ngfald\t\t\t\t\t\t\t\t\t<\/h6>\n\t\t\t\t\t\t\t\t\t<p>\n\t\t\t\t\t\t\t\t\t\t\u00c5tg\u00e4rderna bidrar till att bevara och f\u00f6rst\u00e4rka livsmilj\u00f6erna f\u00f6r bin och andra vilda pollinat\u00f6rer, vilket gynnar den biologiska m\u00e5ngfalden.\t\t\t\t\t\t\t\t\t<\/p>\n\t\t\t\t\t\t\t\t<\/div>\n\t\t\t\t\t\t\t<\/div>\n\t\t\t\t\t\t\t\t\t\t\t\t\t\t<div class=\"media\">\n\t\t\t\t\t\t\t\t<div class=\"icon-warp\">\n\t\t\t\t\t\t\t\t\t\t\t\t\t\t\t\t\t\t\t<img decoding=\"async\" class=\"mr-3\" src=\"https:\/\/bozita.com\/se\/wp-content\/uploads\/sites\/5\/2023\/01\/FeatureIcon-Dark-RenewableEnergy.svg\" alt=\"\">\n\t\t\t\t\t\t\t\t\t\t\t\t\t\t\t\t\t<\/div>\n\t\t\t\t\t\t\t\t<div class=\"media-body\">\n\t\t\t\t\t\t\t\t\t<h6 class=\"mt-0\">\n\t\t\t\t\t\t\t\t\t\tH\u00e4lsa och v\u00e4lbefinnande\t\t\t\t\t\t\t\t\t<\/h6>\n\t\t\t\t\t\t\t\t\t<p>\n\t\t\t\t\t\t\t\t\t\tEn rik natur har en positiv effekt p\u00e5 b\u00e5de v\u00e5r egen och v\u00e5ra djurs h\u00e4lsa och v\u00e4lbefinnande. \t\t\t\t\t\t\t\t\t<\/p>\n\t\t\t\t\t\t\t\t<\/div>\n\t\t\t\t\t\t\t<\/div>\n\t\t\t\t\t\t\t\t\t\t\t\t\t\t<div class=\"media\">\n\t\t\t\t\t\t\t\t<div class=\"icon-warp\">\n\t\t\t\t\t\t\t\t\t\t\t\t\t\t\t\t\t\t\t<img decoding=\"async\" class=\"mr-3\" src=\"https:\/\/bozita.com\/se\/wp-content\/uploads\/sites\/5\/2023\/01\/FeatureIcon-Dark-RenewableEnergy.svg\" alt=\"\">\n\t\t\t\t\t\t\t\t\t\t\t\t\t\t\t\t\t<\/div>\n\t\t\t\t\t\t\t\t<div class=\"media-body\">\n\t\t\t\t\t\t\t\t\t<h6 class=\"mt-0\">\n\t\t\t\t\t\t\t\t\t\tLokal p\u00e5verkan\t\t\t\t\t\t\t\t\t<\/h6>\n\t\t\t\t\t\t\t\t\t<p>\n\t\t\t\t\t\t\t\t\t\tGenom att fokusera p\u00e5 insatser i Sverige bidrar vi till att bevara och v\u00e5rda v\u00e5r inhemska natur. N\u00e4rheten till projekten ger oss dessutom \u00e4ven b\u00e4ttre insyn och transparens i arbetet, och vi f\u00e5r l\u00e4ttare att s\u00e4kerst\u00e4lla en direkt och m\u00e4tbar p\u00e5verkan p\u00e5 v\u00e5r lokala milj\u00f6. \t\t\t\t\t\t\t\t\t<\/p>\n\t\t\t\t\t\t\t\t<\/div>\n\t\t\t\t\t\t\t<\/div>\n\t\t\t\t\t\t\t\t\t\t\t\t\t\t<div class=\"media\">\n\t\t\t\t\t\t\t\t<div class=\"icon-warp\">\n\t\t\t\t\t\t\t\t\t\t\t\t\t\t\t\t\t\t\t<img decoding=\"async\" class=\"mr-3\" src=\"https:\/\/bozita.com\/se\/wp-content\/uploads\/sites\/5\/2023\/01\/FeatureIcon-Dark-RenewableEnergy.svg\" alt=\"\">\n\t\t\t\t\t\t\t\t\t\t\t\t\t\t\t\t\t<\/div>\n\t\t\t\t\t\t\t\t<div class=\"media-body\">\n\t\t\t\t\t\t\t\t\t<h6 class=\"mt-0\">\n\t\t\t\t\t\t\t\t\t\tGemenskap och engagemang\t\t\t\t\t\t\t\t\t<\/h6>\n\t\t\t\t\t\t\t\t\t<p>\n\t\t\t\t\t\t\t\t\t\tI projektet genomf\u00f6r vi flera event, som utbildar v\u00e5ra medarbetare i fr\u00e5gan och ger personalen m\u00f6jlighet att engagera sig i en meningsfull aktivitet som bidrar till samh\u00f6righet och gemenskap. \t\t\t\t\t\t\t\t\t<\/p>\n\t\t\t\t\t\t\t\t<\/div>\n\t\t\t\t\t\t\t<\/div>\n\t\t\t\t\t\t\t\t\t\t\t<\/div>\n\t\t\t<\/div>\n\t\t<\/div>\n\t\t\n\t\t<div class=\"text-center cta-button\">\n\t\t\t\t\t\t\t<a target=\"\"\n\t\t\t\t\thref=\"https:\/\/bozita.com\/se\/var-filosofi\/\" class=\"btn btn-white\">\n\t\t\t\t\tL\u00e4s mer om v\u00e5r kompass\t\t\t\t<\/a>\n\t\t\t\t\t\t<\/div>\n\t<\/div>\n<\/section>\n\n\n\t<div class=\"text-box-warp\">\n\t\t<div class=\"container\">\n\t\t\t<div class=\"text-content\">\n\t\t\t\t<h2>Let Bozita lead the way<\/h2>\n<p>Vi har investerat i flera konkreta h\u00e5llbarhetsprojekt och satsar nu stort p\u00e5 att utbilda v\u00e5r personal. Men alla kan hj\u00e4lpa till! D\u00e4rf\u00f6r uppmanar vi nu b\u00e5de f\u00f6retag och privatpersoner att g\u00f6ra som vi. Ju fler vi blir, desto st\u00f6rre skillnad kan vi g\u00f6ra!<\/p>\n<h4>Hund eller katt\u00e4gare \u2013 det h\u00e4r kan du g\u00f6ra<\/h4>\n<p>Ingen kan g\u00f6ra allt, men alla kan g\u00f6ra n\u00e5got. H\u00e4r \u00e4r n\u00e5gra konkreta tips hur du kan bidra:<\/p>\n<ul>\n<li>S\u00e4tt dig in i fr\u00e5gan \u2013 n\u00e4r du f\u00f6rst\u00e5r hur biologisk m\u00e5ngfald p\u00e5verkar b\u00e5de oss och v\u00e5ra p\u00e4lskl\u00e4dda v\u00e4nner kommer du f\u00e5 mer motivation att p\u00e5verka.<\/li>\n<li>Utekatter \u00e4r skickliga j\u00e4gare, och kan skada eller d\u00f6da sm\u00e5gnagare, f\u00e5glar och \u00f6dlor, vilket p\u00e5verkar den biologiska m\u00e5ngfalden negativt. Du som katt\u00e4gare kan g\u00f6ra ditt b\u00e4sta f\u00f6r att f\u00f6rhindra detta genom att exempelvis s\u00e4tta en bj\u00e4llra p\u00e5 halsbandet eller inte sl\u00e4ppa ut din katt om n\u00e4tterna.<\/li>\n<li>Att plocka upp efter sin hund \u00e4r viktigt f\u00f6r milj\u00f6n! Hundbajs i naturen kan leda till \u00f6verg\u00f6dning som skapar obalans i systemet, vilket i f\u00f6rl\u00e4ngningen minskar den biologiska m\u00e5ngfalden.<\/li>\n<li>Omvandla en bit av gr\u00e4smattan d\u00e4r hemma genom att plantera kl\u00f6ver eller en vild blomster\u00e4ng. (Se till att k\u00f6pa fr\u00f6blandningar som passar din region, s\u00e5 att du inte sprider invasiva arter som tv\u00e4rtemot kan f\u00f6rv\u00e4rra problemet.)<\/li>\n<li>St\u00f6tta politik och politiska f\u00f6rslag som st\u00f6der biologisk m\u00e5ngfald.<\/li>\n<li>St\u00f6tta natur- och milj\u00f6organisationer som arbetar med fr\u00e5gan, till exempel <a href=\"https:\/\/www.naturskyddsforeningen.se\/\">Naturskyddsf\u00f6reningen<\/a>, <a href=\"https:\/\/www.wwf.se\/\">WWF<\/a> eller <a href=\"https:\/\/naturarvet.se\/\">Naturarvet.<\/a><\/li>\n<\/ul>\n\t\t\t<\/div>\n\t\t<\/div>\n\t<\/div>\n\n\n\n\t<section class=\"block two-column-image-with-textbox overflow-disable\">\n\t\t<div class=\"container\">\n\t\t\t\t\t\t\t\t<div class=\"mb-5 no-gutters row align-items-center \n\t\t\t\t\tflex-row-reverse\t\t\t\t\t\t\t\t\t\t\t\t\t\t\t\t\t\t\">\n\t\t\t\t\t\t<div class=\"col-md-6\">\n\t\t\t\t\t\t\t\t\t\t\t\t\t\t\t\t<figure>\n\t\t\t\t\t\t\t\t\t\t\t\t\t\t\t\t\t\t\t\t\t<img decoding=\"async\" class=\"clear-opacity\" src=\"https:\/\/bozita.com\/se\/wp-content\/uploads\/sites\/5\/2024\/06\/DJI_0004-beskuren-scaled.jpg\" alt=\"\">\n\t\t\t\t\t\t\t\t\t\t\t\t\t\t\t\t\t\t\t\t\t\t\t\t\t\t\t\t\t<\/figure>\n\t\t\t\t\t\t\t\t\t\t\t\t\t\t\t<\/div>\n\t\t\t\t\t\t<div class=\"col-md-6\">\n\t\t\t\t\t\t\t<div class=\"content-wrap\">\n\t\t\t\t\t\t\t\t<p><h3>OM PROJEKTET<\/h3>\n<p>Partner in Pet Food Nordics AB, som Bozita \u00e4r en del av, vill ta ansvar f\u00f6r v\u00e5r milj\u00f6p\u00e5verkan och genomf\u00f6r nu ett ambiti\u00f6st projekt med fokus p\u00e5 kolbindning och biologisk m\u00e5ngfald.<\/p>\n<p>Projektet genomf\u00f6rs tillsammans med det svenska f\u00f6retaget <a href=\"https:\/\/www.initiative1415.com\/\">Initiativ 1415<\/a> och \u00e4r ett konkret och lokalt exempel p\u00e5 hur vi aktivt arbetar f\u00f6r att \u00f6ka kolinlagringen i den svenska skogen, fr\u00e4mja biologisk m\u00e5ngfald och bevara och st\u00e4rka livsmilj\u00f6erna f\u00f6r vilda pollinat\u00f6rer i det svenska jordbrukslandskapet.<\/p>\n<p><strong>Vill du veta mer?<br \/>\n<\/strong>L\u00e4s mer om projektet och hur det kopplar an till v\u00e5rt koncern\u00f6vergripande h\u00e5llbarhetsarbete p\u00e5 <a href=\"https:\/\/doggyab.com\/se\/hallbarhet\/skog-pollinatorer\/\">doggyab.com.<\/a><\/p>\n <\/p>\t\t\t\t\t\t\t\t\t<a target=\"\" href=\"https:\/\/doggyab.com\/se\/hallbarhet\/skog-pollinatorer\/\" class=\"btn btn-white\">L\u00c4S MER OM PROJEKTET<\/a>\n\t\t\t\t\t\t\t\t\t\t\t\t\t\t\t\t<\/div>\n\t\t\t\t\t\t<\/div>\n\t\t\t\t\t<\/div>\n\t\t\t\t\t\t\t<\/div>\n\t<\/section>\n","protected":false},"excerpt":{"rendered":"","protected":false},"author":31,"featured_media":0,"parent":8919,"menu_order":0,"comment_status":"closed","ping_status":"closed","template":"guternberg.php","meta":{"footnotes":""},"acf":[],"yoast_head":"<!-- This site is optimized with the Yoast SEO plugin v21.3 - https:\/\/yoast.com\/wordpress\/plugins\/seo\/ -->\n<title>Skog och pollinat\u00f6rer - Bozita<\/title>\n<meta name=\"description\" content=\"F\u00f6r att v\u00e4rna om milj\u00f6n och aktivt ta ansvar f\u00f6r v\u00e5r klimatp\u00e5verkan har vi investerat i flera konkreta aktiviteter kopplat till klimat och biologisk m\u00e5ngfald.\" \/>\n<meta name=\"robots\" content=\"index, follow, max-snippet:-1, max-image-preview:large, max-video-preview:-1\" \/>\n<link rel=\"canonical\" href=\"https:\/\/bozita.com\/se\/var-filosofi\/skog-och-pollinatorer\/\" \/>\n<meta property=\"og:locale\" content=\"sv_SE\" \/>\n<meta property=\"og:type\" content=\"article\" \/>\n<meta property=\"og:title\" content=\"Skog och pollinat\u00f6rer - Bozita\" \/>\n<meta property=\"og:description\" content=\"F\u00f6r att v\u00e4rna om milj\u00f6n och aktivt ta ansvar f\u00f6r v\u00e5r klimatp\u00e5verkan har vi investerat i flera konkreta aktiviteter kopplat till klimat och biologisk m\u00e5ngfald.\" \/>\n<meta property=\"og:url\" content=\"https:\/\/bozita.com\/se\/var-filosofi\/skog-och-pollinatorer\/\" \/>\n<meta property=\"og:site_name\" content=\"Bozita Sverige\" \/>\n<meta property=\"article:modified_time\" content=\"2025-06-30T12:49:21+00:00\" \/>\n<meta name=\"twitter:card\" content=\"summary_large_image\" \/>\n<!-- \/ Yoast SEO plugin. -->","yoast_head_json":{"title":"Skog och pollinat\u00f6rer - Bozita","description":"F\u00f6r att v\u00e4rna om milj\u00f6n och aktivt ta ansvar f\u00f6r v\u00e5r klimatp\u00e5verkan har vi investerat i flera konkreta aktiviteter kopplat till klimat och biologisk m\u00e5ngfald.","robots":{"index":"index","follow":"follow","max-snippet":"max-snippet:-1","max-image-preview":"max-image-preview:large","max-video-preview":"max-video-preview:-1"},"canonical":"https:\/\/bozita.com\/se\/var-filosofi\/skog-och-pollinatorer\/","og_locale":"sv_SE","og_type":"article","og_title":"Skog och pollinat\u00f6rer - Bozita","og_description":"F\u00f6r att v\u00e4rna om milj\u00f6n och aktivt ta ansvar f\u00f6r v\u00e5r klimatp\u00e5verkan har vi investerat i flera konkreta aktiviteter kopplat till klimat och biologisk m\u00e5ngfald.","og_url":"https:\/\/bozita.com\/se\/var-filosofi\/skog-och-pollinatorer\/","og_site_name":"Bozita Sverige","article_modified_time":"2025-06-30T12:49:21+00:00","twitter_card":"summary_large_image","schema":{"@context":"https:\/\/schema.org","@graph":[{"@type":"WebPage","@id":"https:\/\/bozita.com\/se\/var-filosofi\/skog-och-pollinatorer\/","url":"https:\/\/bozita.com\/se\/var-filosofi\/skog-och-pollinatorer\/","name":"Skog och pollinat\u00f6rer - Bozita","isPartOf":{"@id":"https:\/\/bozita.com\/se\/#website"},"datePublished":"2024-04-17T09:23:58+00:00","dateModified":"2025-06-30T12:49:21+00:00","description":"F\u00f6r att v\u00e4rna om milj\u00f6n och aktivt ta ansvar f\u00f6r v\u00e5r klimatp\u00e5verkan har vi investerat i flera konkreta aktiviteter kopplat till klimat och biologisk m\u00e5ngfald.","breadcrumb":{"@id":"https:\/\/bozita.com\/se\/var-filosofi\/skog-och-pollinatorer\/#breadcrumb"},"inLanguage":"sv-SE","potentialAction":[{"@type":"ReadAction","target":["https:\/\/bozita.com\/se\/var-filosofi\/skog-och-pollinatorer\/"]}]},{"@type":"BreadcrumbList","@id":"https:\/\/bozita.com\/se\/var-filosofi\/skog-och-pollinatorer\/#breadcrumb","itemListElement":[{"@type":"ListItem","position":1,"name":"Home","item":"https:\/\/bozita.com\/se\/"},{"@type":"ListItem","position":2,"name":"V\u00e5r filosofi","item":"https:\/\/bozita.com\/se\/var-filosofi\/"},{"@type":"ListItem","position":3,"name":"Skog och pollinat\u00f6rer"}]},{"@type":"WebSite","@id":"https:\/\/bozita.com\/se\/#website","url":"https:\/\/bozita.com\/se\/","name":"Bozita Sverige","description":"","potentialAction":[{"@type":"SearchAction","target":{"@type":"EntryPoint","urlTemplate":"https:\/\/bozita.com\/se\/?s={search_term_string}"},"query-input":"required name=search_term_string"}],"inLanguage":"sv-SE"}]}},"_links":{"self":[{"href":"https:\/\/bozita.com\/se\/wp-json\/wp\/v2\/pages\/10219"}],"collection":[{"href":"https:\/\/bozita.com\/se\/wp-json\/wp\/v2\/pages"}],"about":[{"href":"https:\/\/bozita.com\/se\/wp-json\/wp\/v2\/types\/page"}],"author":[{"embeddable":true,"href":"https:\/\/bozita.com\/se\/wp-json\/wp\/v2\/users\/31"}],"replies":[{"embeddable":true,"href":"https:\/\/bozita.com\/se\/wp-json\/wp\/v2\/comments?post=10219"}],"version-history":[{"count":156,"href":"https:\/\/bozita.com\/se\/wp-json\/wp\/v2\/pages\/10219\/revisions"}],"predecessor-version":[{"id":11693,"href":"https:\/\/bozita.com\/se\/wp-json\/wp\/v2\/pages\/10219\/revisions\/11693"}],"up":[{"embeddable":true,"href":"https:\/\/bozita.com\/se\/wp-json\/wp\/v2\/pages\/8919"}],"wp:attachment":[{"href":"https:\/\/bozita.com\/se\/wp-json\/wp\/v2\/media?parent=10219"}],"curies":[{"name":"wp","href":"https:\/\/api.w.org\/{rel}","templated":true}]}}